{"id":2018,"date":"2022-05-01T07:37:29","date_gmt":"2022-05-01T07:37:29","guid":{"rendered":"https:\/\/ev-stgeorg.de\/?page_id=2018"},"modified":"2022-05-01T07:37:29","modified_gmt":"2022-05-01T07:37:29","slug":"antrag-des-ev-zur-wohnungspolitik","status":"publish","type":"page","link":"https:\/\/ev-stgeorg.de\/?page_id=2018","title":{"rendered":"Antrag des EV zur Wohnungspolitik"},"content":{"rendered":"<p><strong>Antrag des Einwohnervereins St. Georg von 1987 e.V. vom 14.4.2022 f\u00fcr die Sitzung des Stadtteilbeirats St. Georg am 27. April 2022, wo er mit gro\u00dfer Mehrheit angenommen wurde<br \/>\n<\/strong><strong>Betreffend die Wohnungs- und Mietensituation in St. Georg<\/strong><\/p>\n<p><strong>\u00a0<\/strong><strong><u>Der Stadtteilbeirat St. Georg m\u00f6ge beschlie\u00dfen: <\/u><\/strong><\/p>\n<p>Die B\u00fcrgerschaft und der Senat (ggfs. auch \u00fcber den Bundesrat) werden aufgefordert, Ma\u00dfnahmen zu ergreifen,<\/p>\n<ol>\n<li>einen gro\u00dfen Anteil bezahlbarer, g\u00fcnstiger Mieten in Hamburg und speziell in St. Georg zu gew\u00e4hrleisten!<\/li>\n<li>die Berechnungsgrundlagen f\u00fcr den Mietenspiegel und das Wohnlagenverzeichnis grundlegend zu \u00fcberarbeiten, um alle Mieten zu ber\u00fccksichtigen und die Bodenpreise und den \u201eStatusindex\u201c nicht \u00fcberproportional zu gewichten!<\/li>\n<li>die Neubauzahlen und den Anteil an Sozialwohnungen des 1. F\u00f6rderweges in St. Georg zu erh\u00f6hen!<\/li>\n<li>den Abriss g\u00fcnstigen Wohnraumes zugunsten von teuren Neubauten zu verhindern, aus sozialen und auch klimarettenden Gr\u00fcnden!<\/li>\n<li>soziale Erhaltungsverordnungen zu st\u00e4rken, \u00fcber die eine Umwandlung von Miet- in Eigentumswohnungen ausgeschlossen und ein wiedereingef\u00fchrtes Vorkaufsrecht von der Stadt umfassend genutzt wird!<\/li>\n<li>einen Fonds zur F\u00f6rderung gemeinschaftlicher \u00dcbernahmen von Mietsh\u00e4usern durch die BewohnerInnen zu schaffen!<\/li>\n<li>endlich einen MieterInnenschutz f\u00fcr Kleingewerbetreibende gesetzlich zu verankern!<\/li>\n<\/ol>\n<p><strong><u>Begr\u00fcndung:<\/u><\/strong><\/p>\n<p>Die Wohnungs- und Mietenlage in St. Georg ist schon seit langem mehr als angespannt. Viele BewohnerInnen leiden unter der Mietenexplosion, k\u00f6nnen die Umwandlung ihrer Miet- in eine Eigentumswohnung selbst im Einzugsgebiet der Sozialen Erhaltungsverordnung nicht ausschlie\u00dfen. Der Umzug im eigenen Stadtteil \u2013 beispielsweise, wenn sich die Familie vergr\u00f6\u00dfert \u2013 ist nahezu aussichtslos, auch (die letzten) inhabergef\u00fchrten L\u00e4den werden verdr\u00e4ngt, weil ihnen die Miete mangels MieterInnenschutzes f\u00fcr Gewerbetreibende drastisch erh\u00f6ht wird und sie keine bezahlbare Alternative vor Ort mehr finden. Das geht so nicht weiter! Und so protestieren wir als vielleicht letzte Generation, die sich noch an bezahlbare Mieten in St. Georg erinnert und sich der Mietenexplosion, dem mangelnden Neubau von Sozialwohnungen und der Verdr\u00e4ngung entgegenstemmt. Und so sieht\u2019s gegenw\u00e4rtig in St. Georg aus:<\/p>\n<ul>\n<li>Die durchschnittliche St. Georger <u>Angebotsmiete<\/u> von 17,02 \u20ac\/qm verlangt nach einem Mietendeckel.<\/li>\n<li>Die durchschnittliche <u>Mietensteigerung<\/u> von 2019\/2021 um 7,3 % stellt den Mietenspiegel infrage, da er nur die \u201ever\u00e4nderten\u201c Mieten der frei finanzierten Wohnungen der letzten sechs Jahre einbezieht.<\/li>\n<li>Die Anhebung einiger Stra\u00dfen in die <u>\u201egute Wohnlage\u201c<\/u> Ende 2021 basiert auf einer \u00dcberbewertung der Bodenpreise und des \u201eStatusindex\u201c in den \u201eBerechnungen\u201c zum Wohnlagenverzeichnis.<\/li>\n<li>Die <u>Umwandlung<\/u> von Miet- in Eigentumswohnungen geht weiter (zuletzt in der Danziger Str.47\/51), weil dies \u00a7 172 Abs. 4 S. 3 Nr. 6 Baugesetzbuch selbst in einem Gebiet mit einer Sozialen Erhaltungsverordnung erm\u00f6glicht, wenn den MieterInnen ein 7j\u00e4hriges Vorkaufsrecht einger\u00e4umt wird.<\/li>\n<li>Immer mehr umgewandelten und neu gebauten Eigentumswohnungen steht ein unterdurchschnittlicher Anteil neuer <u>Sozialwohnungen<\/u> gegen\u00fcber, nur 190 (= 19,25 %) sind 2011-2020 entstanden.<\/li>\n<li><u>Illegale Leerst\u00e4nde und \u201eFerienwohnungen\u201c<\/u> werden im Hotspot St. Georg nur vereinzelt gepr\u00fcft.<\/li>\n<li>Der beantragte <u>Abriss<\/u> des Hauses Brennerstra\u00dfe 80\/82 ist beispielhaft f\u00fcr mangelnde Instandhaltung und die Vernichtung g\u00fcnstigen Mietwohnraumes zugunsten von lukrativen, teuren Neubauten.<\/li>\n<li>Die drastischen Mieterh\u00f6hungen f\u00fcr <u>kleine L\u00e4den<\/u> wie Wohlers, Thiede, Kr\u00e4uterladen usw. und die j\u00fcngsten K\u00fcndigungen der LadeninhaberInnen in der Danziger Str. erfordern einen bisher v\u00f6llig fehlenden MieterInnenschutz f\u00fcr inhabergef\u00fchrte L\u00e4den und einen Gewerbemietspiegel.<\/li>\n<\/ul>\n<p>Die Liste lie\u00dfe sich fortsetzen und verlangt nach einer grundlegenden \u00c4nderung der Wohnungs- und Mietenpolitik f\u00fcr St. Georg. Ma\u00dfnahmen zur Verbesserung der Lage k\u00f6nnen z.T. vom Bezirk, vom Senat und der Bundesregierung veranlasst werden. Unsere zentralen Forderungen richten wir daher an die Fraktionen der Bezirksversammlung (BV) Hamburg-Mitte und der Hamburgischen B\u00fcrgerschaft sowie den Senat.<\/p>\n","protected":false},"excerpt":{"rendered":"<p>Antrag des Einwohnervereins St. Georg von 1987 e.V. vom 14.4.2022 f\u00fcr die Sitzung des Stadtteilbeirats St. Georg am 27. April 2022, wo er mit gro\u00dfer Mehrheit angenommen wurde Betreffend die Wohnungs- und Mietensituation in St. Georg \u00a0Der Stadtteilbeirat St. Georg m\u00f6ge beschlie\u00dfen: Die B\u00fcrgerschaft und der Senat (ggfs. auch \u00fcber den Bundesrat) werden aufgefordert, Ma\u00dfnahmen &hellip; <a href=\"https:\/\/ev-stgeorg.de\/?page_id=2018\" class=\"more-link\"><span class=\"screen-reader-text\">Antrag des EV zur Wohnungspolitik<\/span> weiterlesen <span class=\"meta-nav\">&rarr;<\/span><\/a><\/p>\n","protected":false},"author":2,"featured_media":0,"parent":1864,"menu_order":1,"comment_status":"closed","ping_status":"closed","template":"","meta":{"footnotes":""},"yoast_head":"<!-- This site is optimized with the Yoast SEO plugin v24.5 - https:\/\/yoast.com\/wordpress\/plugins\/seo\/ -->\n<title>Antrag des EV zur Wohnungspolitik - Einwohner*innen-verein St. Georg<\/title>\n<meta name=\"robots\" content=\"index, follow, max-snippet:-1, max-image-preview:large, max-video-preview:-1\" \/>\n<link rel=\"canonical\" href=\"https:\/\/ev-stgeorg.de\/?page_id=2018\" \/>\n<meta property=\"og:locale\" content=\"de_DE\" \/>\n<meta property=\"og:type\" content=\"article\" \/>\n<meta property=\"og:title\" content=\"Antrag des EV zur Wohnungspolitik - Einwohner*innen-verein St. Georg\" \/>\n<meta property=\"og:description\" content=\"Antrag des Einwohnervereins St. Georg von 1987 e.V. vom 14.4.2022 f\u00fcr die Sitzung des Stadtteilbeirats St. Georg am 27. April 2022, wo er mit gro\u00dfer Mehrheit angenommen wurde Betreffend die Wohnungs- und Mietensituation in St. Georg \u00a0Der Stadtteilbeirat St. Georg m\u00f6ge beschlie\u00dfen: Die B\u00fcrgerschaft und der Senat (ggfs. auch \u00fcber den Bundesrat) werden aufgefordert, Ma\u00dfnahmen &hellip; Antrag des EV zur Wohnungspolitik weiterlesen &rarr;\" \/>\n<meta property=\"og:url\" content=\"https:\/\/ev-stgeorg.de\/?page_id=2018\" \/>\n<meta property=\"og:site_name\" content=\"Einwohner*innen-verein St. Georg\" \/>\n<meta property=\"article:publisher\" content=\"https:\/\/ev-stgeorg.de\/\" \/>\n<meta name=\"twitter:card\" content=\"summary_large_image\" \/>\n<meta name=\"twitter:label1\" content=\"Gesch\u00e4tzte Lesezeit\" \/>\n\t<meta name=\"twitter:data1\" content=\"3\u00a0Minuten\" \/>\n<script type=\"application\/ld+json\" class=\"yoast-schema-graph\">{\"@context\":\"https:\/\/schema.org\",\"@graph\":[{\"@type\":\"WebPage\",\"@id\":\"https:\/\/ev-stgeorg.de\/?page_id=2018\",\"url\":\"https:\/\/ev-stgeorg.de\/?page_id=2018\",\"name\":\"Antrag des EV zur Wohnungspolitik - Einwohner*innen-verein St. Georg\",\"isPartOf\":{\"@id\":\"https:\/\/ev-stgeorg.de\/#website\"},\"datePublished\":\"2022-05-01T07:37:29+00:00\",\"breadcrumb\":{\"@id\":\"https:\/\/ev-stgeorg.de\/?page_id=2018#breadcrumb\"},\"inLanguage\":\"de\",\"potentialAction\":[{\"@type\":\"ReadAction\",\"target\":[\"https:\/\/ev-stgeorg.de\/?page_id=2018\"]}]},{\"@type\":\"BreadcrumbList\",\"@id\":\"https:\/\/ev-stgeorg.de\/?page_id=2018#breadcrumb\",\"itemListElement\":[{\"@type\":\"ListItem\",\"position\":1,\"name\":\"Startseite\",\"item\":\"https:\/\/ev-stgeorg.de\/\"},{\"@type\":\"ListItem\",\"position\":2,\"name\":\"Wohnungspolitik\",\"item\":\"https:\/\/ev-stgeorg.de\/?page_id=1864\"},{\"@type\":\"ListItem\",\"position\":3,\"name\":\"Antrag des EV zur Wohnungspolitik\"}]},{\"@type\":\"WebSite\",\"@id\":\"https:\/\/ev-stgeorg.de\/#website\",\"url\":\"https:\/\/ev-stgeorg.de\/\",\"name\":\"Einwohnerverein St. Georg\",\"description\":\"von 1987 e.V.\",\"potentialAction\":[{\"@type\":\"SearchAction\",\"target\":{\"@type\":\"EntryPoint\",\"urlTemplate\":\"https:\/\/ev-stgeorg.de\/?s={search_term_string}\"},\"query-input\":{\"@type\":\"PropertyValueSpecification\",\"valueRequired\":true,\"valueName\":\"search_term_string\"}}],\"inLanguage\":\"de\"}]}<\/script>\n<!-- \/ Yoast SEO plugin. -->","yoast_head_json":{"title":"Antrag des EV zur Wohnungspolitik - Einwohner*innen-verein St. Georg","robots":{"index":"index","follow":"follow","max-snippet":"max-snippet:-1","max-image-preview":"max-image-preview:large","max-video-preview":"max-video-preview:-1"},"canonical":"https:\/\/ev-stgeorg.de\/?page_id=2018","og_locale":"de_DE","og_type":"article","og_title":"Antrag des EV zur Wohnungspolitik - Einwohner*innen-verein St. Georg","og_description":"Antrag des Einwohnervereins St. Georg von 1987 e.V. vom 14.4.2022 f\u00fcr die Sitzung des Stadtteilbeirats St. Georg am 27. April 2022, wo er mit gro\u00dfer Mehrheit angenommen wurde Betreffend die Wohnungs- und Mietensituation in St. Georg \u00a0Der Stadtteilbeirat St. Georg m\u00f6ge beschlie\u00dfen: Die B\u00fcrgerschaft und der Senat (ggfs. auch \u00fcber den Bundesrat) werden aufgefordert, Ma\u00dfnahmen &hellip; Antrag des EV zur Wohnungspolitik weiterlesen &rarr;","og_url":"https:\/\/ev-stgeorg.de\/?page_id=2018","og_site_name":"Einwohner*innen-verein St. Georg","article_publisher":"https:\/\/ev-stgeorg.de\/","twitter_card":"summary_large_image","twitter_misc":{"Gesch\u00e4tzte Lesezeit":"3\u00a0Minuten"},"schema":{"@context":"https:\/\/schema.org","@graph":[{"@type":"WebPage","@id":"https:\/\/ev-stgeorg.de\/?page_id=2018","url":"https:\/\/ev-stgeorg.de\/?page_id=2018","name":"Antrag des EV zur Wohnungspolitik - Einwohner*innen-verein St. Georg","isPartOf":{"@id":"https:\/\/ev-stgeorg.de\/#website"},"datePublished":"2022-05-01T07:37:29+00:00","breadcrumb":{"@id":"https:\/\/ev-stgeorg.de\/?page_id=2018#breadcrumb"},"inLanguage":"de","potentialAction":[{"@type":"ReadAction","target":["https:\/\/ev-stgeorg.de\/?page_id=2018"]}]},{"@type":"BreadcrumbList","@id":"https:\/\/ev-stgeorg.de\/?page_id=2018#breadcrumb","itemListElement":[{"@type":"ListItem","position":1,"name":"Startseite","item":"https:\/\/ev-stgeorg.de\/"},{"@type":"ListItem","position":2,"name":"Wohnungspolitik","item":"https:\/\/ev-stgeorg.de\/?page_id=1864"},{"@type":"ListItem","position":3,"name":"Antrag des EV zur Wohnungspolitik"}]},{"@type":"WebSite","@id":"https:\/\/ev-stgeorg.de\/#website","url":"https:\/\/ev-stgeorg.de\/","name":"Einwohnerverein St. Georg","description":"von 1987 e.V.","potentialAction":[{"@type":"SearchAction","target":{"@type":"EntryPoint","urlTemplate":"https:\/\/ev-stgeorg.de\/?s={search_term_string}"},"query-input":{"@type":"PropertyValueSpecification","valueRequired":true,"valueName":"search_term_string"}}],"inLanguage":"de"}]}},"_links":{"self":[{"href":"https:\/\/ev-stgeorg.de\/index.php?rest_route=\/wp\/v2\/pages\/2018"}],"collection":[{"href":"https:\/\/ev-stgeorg.de\/index.php?rest_route=\/wp\/v2\/pages"}],"about":[{"href":"https:\/\/ev-stgeorg.de\/index.php?rest_route=\/wp\/v2\/types\/page"}],"author":[{"embeddable":true,"href":"https:\/\/ev-stgeorg.de\/index.php?rest_route=\/wp\/v2\/users\/2"}],"replies":[{"embeddable":true,"href":"https:\/\/ev-stgeorg.de\/index.php?rest_route=%2Fwp%2Fv2%2Fcomments&post=2018"}],"version-history":[{"count":2,"href":"https:\/\/ev-stgeorg.de\/index.php?rest_route=\/wp\/v2\/pages\/2018\/revisions"}],"predecessor-version":[{"id":2020,"href":"https:\/\/ev-stgeorg.de\/index.php?rest_route=\/wp\/v2\/pages\/2018\/revisions\/2020"}],"up":[{"embeddable":true,"href":"https:\/\/ev-stgeorg.de\/index.php?rest_route=\/wp\/v2\/pages\/1864"}],"wp:attachment":[{"href":"https:\/\/ev-stgeorg.de\/index.php?rest_route=%2Fwp%2Fv2%2Fmedia&parent=2018"}],"curies":[{"name":"wp","href":"https:\/\/api.w.org\/{rel}","templated":true}]}}